{"id":2301,"date":"2019-03-28T13:06:15","date_gmt":"2019-03-28T12:06:15","guid":{"rendered":"https:\/\/amicsdelcarme.com\/?page_id=2301"},"modified":"2019-04-03T10:42:03","modified_gmt":"2019-04-03T10:42:03","slug":"politica-de-privacidad","status":"publish","type":"page","link":"https:\/\/amicsdelcarme.com\/es\/politica-de-privacidad\/","title":{"rendered":"Pol\u00edtica de privacidad"},"content":{"rendered":"<h1 class=\"ai-page-title\">Pol\u00edtica de privacidad<\/h1>\n<div id=\"c35283\" class=\"ai-c\">\n<p><strong>Actualizada a 15 de junio de 2018<\/strong><\/p>\n<p>Los datos personales son cierta informaci\u00f3n de una persona f\u00edsica que permiten identificarla de alg\u00fan modo, localizarla por alg\u00fan medio o ponerse en contacto con ella. Por ejemplo, el nombre, el documento de identidad, el tel\u00e9fono o el correo electr\u00f3nico son datos personales. La ley obliga a aquellos que usen este tipo de datos a tomar ciertas medidas para protegerlos. En esta declaraci\u00f3n de privacidad te explicamos c\u00f3mo Amics del Carme protege y garantiza la seguridad de tus datos personales.<\/p>\n<p><strong>PRINCIPIOS EN LOS QUE BASAMOS EL USO DE DATOS DE AMICSDEL CARME (AC)<\/strong><\/p>\n<ul style=\"list-style-type: square;\">\n<li>AC no comercializa, ni comercializar\u00e1, en ning\u00fan caso los datos que recogemos a trav\u00e9s de nuestra p\u00e1gina web o que nos son facilitados por las socias\/os.<\/li>\n<li>AC no intercambia datos con ninguna organizaci\u00f3n con o sin \u00e1nimo de lucro.<\/li>\n<li>AC pone todos los medios disponibles a su alcance para que los datos que recogemos est\u00e9n seguros.<\/li>\n<li>El uso principal de los datos de aquellas personas que nos los facilitan es mantener a estas personas informadas del trabajo de nuestra asociaci\u00f3n.<\/li>\n<\/ul>\n<p><strong>\u00bfQUI\u00c9N ES EL RESPONSABLE DEL TRATAMIENTO DE TUS DATOS?<\/strong><\/p>\n<p><strong>La asociaci\u00f3n de vecinos Amics del Carme <\/strong>-en adelante AC- es, jur\u00eddicamente, una asociaci\u00f3n privada sin fines lucrativos, independiente de cualquier partido pol\u00edtico y registrada en el registro de asociaciones de la Comunidad Valenciana y en el registro de asociaciones del ayuntamiento de Val\u00e8ncia. Nuestra sede social est\u00e1 en Val\u00e8ncia, en la calle Alta, n\u00famero 51, c\u00f3digo postal 46003. Si deseas ponerte en contacto con nosotros, adem\u00e1s del correo postal tradicional, tambi\u00e9n puedes enviarnos un mensaje de correo electr\u00f3nico a veins@amicsdelcarme.com.<\/p>\n<p>Nuestro n\u00famero de identificaci\u00f3n fiscal es G-28667152.<\/p>\n<p>Si quieres ejercitar cualquiera de los derechos tal y como explicamos en esta pol\u00edtica, puedes escribirnos a veins@amicsdelcarme.com por si quieres realizar o plantear consulta o reclamaci\u00f3n con relaci\u00f3n al uso de tus datos personales.<\/p>\n<p>Si no est\u00e1s de acuerdo con esta declaraci\u00f3n de privacidad, por favor, no nos dejes tus datos.<\/p>\n<p><strong>\u00bfCON QU\u00c9 FINALIDADES VAMOS A TRATAR TUS DATOS PERSONALES?<\/strong><\/p>\n<p>AC no recoge ning\u00fan dato personal sin el conocimiento de su titular. Si no nos autorizas a trav\u00e9s de la aceptaci\u00f3n de la pol\u00edtica de privacidad, ni almacenaremos, ni te enviaremos mensajes, ni usaremos tus datos para nada.<\/p>\n<p>Si decides comunicarnos datos personales, entendemos que son tuyos o que cuentas con autorizaci\u00f3n para darnos esa informaci\u00f3n. Nosotros la consideraremos verdadera y precisa.<\/p>\n<p><strong>NUESTRO SITIO WEB<\/strong><\/p>\n<p>El dominio web \u201camicsdelcarme.com\u201d est\u00e1 registrado por la AViC Amics del Carme. La gesti\u00f3n y los contenidos de este sitio web son responsabilidad de Amics del Carme.<\/p>\n<p>Nuestro sitio en internet es una parte esencial de nuestro trabajo. Nos sirve para dar a conocer nuestras campa\u00f1as, emitir comunicados de prensa, publicar nuestros informes, movilizar a nuestros colaboradores y al p\u00fablico en general, etc. Puedes acceder a la mayor\u00eda de las p\u00e1ginas sin revelarnos tu identidad ni ning\u00fan otro dato personal. En el sitio web puede haber enlaces a sitios de otros organismos que cuentan con su propia declaraci\u00f3n de privacidad.<\/p>\n<p><strong>USO DE COOKIES.<\/strong><\/p>\n<p>Nuestro sitio web\u201camicsdelcarme.com\u201d utilizan <em>cookies <\/em>(fragmentos de informaci\u00f3n que se almacenan en el disco duro del ordenador que visita una p\u00e1gina web). Recopilamos informaci\u00f3n estad\u00edstica sobre las p\u00e1ginas visitadas, el n\u00famero de visitas, los \u201cclics\u201d en las diferentes secciones, su frecuencia de uso, etc. Hacemos esto porque la informaci\u00f3n que obtenemos nos ayuda a mejorar las p\u00e1ginas y a que nuestras acciones sean m\u00e1s eficaces.<\/p>\n<p>Si no quieres tener ninguna cookie en tu ordenador, cambia la configuraci\u00f3n del navegador (normalmente la opci\u00f3n est\u00e1 en el men\u00fa \u2018herramientas\u2013opciones\u2013privacidad\u2019).<\/p>\n<p>Consulta la informaci\u00f3n que te facilitamos a continuaci\u00f3n al respecto de las siguientes acciones que puedes realizar con AC dej\u00e1ndonos tus datos:<\/p>\n<ul>\n<li><strong>BOLET\u00cdN ELECTR\u00d3NICO DE NOTICIAS <\/strong><\/li>\n<\/ul>\n<p>La <strong>suscripci\u00f3n al bolet\u00edn electr\u00f3nico de noticias <\/strong>de AC implica que recibir\u00e1s mensajes en la cuenta de correo electr\u00f3nico y en el n\u00famero de tel\u00e9fono que nos facilites. Opcionalmente puedes comunicarnos otros datos no esenciales, pero que nos ayudan a conocer caracter\u00edsticas gen\u00e9ricas de nuestros colaboradores. Recuerda que en todos los mensajes tienes la posibilidad de cambiar o anular tu suscripci\u00f3n.<\/p>\n<ul>\n<li><strong>SOCIOS<\/strong> \/ <strong>SOCIAS<\/strong><\/li>\n<\/ul>\n<p>Cuando te <strong>asocies a AC a trav\u00e9s del formulario de&nbsp;\u201camicsdelcarme.com\u201d <\/strong>o nos entregues un <strong>folleto de suscripci\u00f3n<\/strong>&nbsp;usaremos tus datos para gestionar tus aportaciones econ\u00f3micas , proponerte que \u201cfirmes\u201d otras acciones, participar en eventos (manifestaciones, concentraciones) solidarios, enviarte nuestras hojas informativas o invitarte a asistir a la Asamblea anual. Te se\u00f1alaremos los datos que son necesarios y los que son opcionales.<\/p>\n<p>La base jur\u00eddica que legitima el tratamiento de tus datos es tu consentimiento. Guardaremos tu informaci\u00f3n personal de forma indefinida a efectos estad\u00edsticos o como m\u00ednimo el tiempo necesario para atender a las responsabilidades derivadas del tratamiento de tus datos.<\/p>\n<p>&nbsp;<\/p>\n<p><strong>\u00bfCU\u00c1LES SON TUS DERECHOS EN RELACI\u00d3N CON EL TRATAMIENTO DE DATOS?<\/strong><\/p>\n<p>Tienes derecho:<\/p>\n<ul>\n<li>A saber si estamos tratando tus datos o no.<\/li>\n<li>A acceder a tus datos personales.<\/li>\n<li>A solicitar la rectificaci\u00f3n de tus datos si son inexactos.<\/li>\n<li>A solicitar la supresi\u00f3n de tus datos si ya no son necesarios para los fines para los que fueron recogidos o si nos retiras el consentimiento otorgado.<\/li>\n<li>A presentar una reclamaci\u00f3n ante la Agencia Espa\u00f1ola de Protecci\u00f3n de Datos o autoridad de control competente, si crees que no te hemos atendido correctamente.<\/li>\n<li>A revocar el consentimiento para cualquier tratamiento para el que hayas consentido, en cualquier momento.<\/li>\n<\/ul>\n<p>Si modificas alg\u00fan dato, te agradecemos que nos lo comuniques para mantenerlo actualizados.<\/p>\n<p><strong>\u00bfQUIERES UN FORMULARIO PARA EL EJERCICIO DE DERECHOS?<\/strong><\/p>\n<p>Tenemos formularios para el ejercicio de tus derechos, p\u00eddenoslos por email o si lo prefieres, puedes usar los elaborados por la Agencia Espa\u00f1ola de Protecci\u00f3n de Datos o terceros. Estos formularios deben ir firmados electr\u00f3nicamente o ser acompa\u00f1ados de fotocopia del DNI.<\/p>\n<p>Si te representa alguien, debes adjuntarnos copia de su DNI, o que lo firme con su firma electr\u00f3nica.<\/p>\n<p>Para ejercitar tus derechos, puedes:<\/p>\n<ul>\n<li>Llamarnos al 963 15 48 80.<\/li>\n<li>Mandarnos un mensaje a veins@amicsdelcarme.com.<\/li>\n<li>Escribirnos una carta dirigida a AC, C\/ Alta 51, 46003 Val\u00e8ncia.<\/li>\n<\/ul>\n<p>\u00bfCu\u00e1nto tardamos en contestarte al Ejercicio de Derechos?<\/p>\n<p>Depende del derecho, pero como m\u00e1ximo en un mes desde tu solicitud.<\/p>\n<p><strong>MEDIDAS DE SEGURIDAD<\/strong><\/p>\n<p>S\u00f3lo tienen acceso a datos personales aquellos miembros de AC que necesitan usarlos para realizar tareas informativas.<\/p>\n<p>Hemos puesto todos los medios a nuestro alcance para evitar interferencias, interrupciones, virus, aver\u00edas, desconexiones o intromisiones no autorizadas.<\/p>\n<p><strong>\u00bfEN QU\u00c9 CASOS PODREMOS COMUNICAR TUS DATOS A OTROS?<\/strong><\/p>\n<p>Si una autoridad judicial o administrativa solicita a AC datos de nuestros ficheros, se los comunicaremos siempre que se respeten todos los preceptos previstos legalmente. No atenderemos peticiones de informaci\u00f3n formuladas gen\u00e9ricamente o de forma indiscriminada, cualquiera que sea el organismo que lo solicite.<\/p>\n<p><strong>LEE ESTO SI TIENES MENOS DE 18 A\u00d1OS<\/strong><\/p>\n<p>Si eres menor de edad y visitas el sitio web de Amics del Carme, por favor, no nos env\u00edes ning\u00fan dato personal tuyo ni de tu familia sin previa autorizaci\u00f3n de tus padres o tutores. Si ellos est\u00e1n de acuerdo, podr\u00e1s recibir informaci\u00f3n y ser uno de nuestros colaboradores. En caso de duda, pide a tu tutor\/a que se ponga en contacto con nosotros (las direcciones y tel\u00e9fonos est\u00e1n en el apartado titulado \u201cQui\u00e9n es el responsable del tratamiento de tus datos\u201d).<\/p>\n<p><strong>PARA TERMINAR<\/strong><\/p>\n<p>Recuerda que la introducci\u00f3n de datos personales en alguna de las p\u00e1ginas del sitio web \u201camicsdelcarme.com\u00bb supone que has aceptado el contenido de esta declaraci\u00f3n de privacidad.<\/p>\n<p>Si abandonas uno de nuestros formularios de asociaci\u00f3n queremos asegurarnos que no sea debido a un error t\u00e9cnico. Con este fin, utilizaremos los datos que has facilitado para ponernos en contacto contigo a trav\u00e9s de email o de tel\u00e9fono.<\/p>\n<\/div>\n","protected":false},"excerpt":{"rendered":"<p>Pol\u00edtica de privacidad Actualizada a 15 de junio de 2018 Los datos personales son cierta informaci\u00f3n de una persona f\u00edsica que permiten identificarla de alg\u00fan modo, localizarla por alg\u00fan medio o ponerse en contacto con ella. Por ejemplo, el nombre, el documento de identidad, el tel\u00e9fono o el correo electr\u00f3nico [&#8230;]<\/p>\n","protected":false},"author":3,"featured_media":0,"parent":0,"menu_order":0,"comment_status":"closed","ping_status":"closed","template":"","meta":{"_acf_changed":false,"footnotes":""},"class_list":["post-2301","page","type-page","status-publish","hentry"],"acf":[],"_links":{"self":[{"href":"https:\/\/amicsdelcarme.com\/es\/wp-json\/wp\/v2\/pages\/2301","targetHints":{"allow":["GET"]}}],"collection":[{"href":"https:\/\/amicsdelcarme.com\/es\/wp-json\/wp\/v2\/pages"}],"about":[{"href":"https:\/\/amicsdelcarme.com\/es\/wp-json\/wp\/v2\/types\/page"}],"author":[{"embeddable":true,"href":"https:\/\/amicsdelcarme.com\/es\/wp-json\/wp\/v2\/users\/3"}],"replies":[{"embeddable":true,"href":"https:\/\/amicsdelcarme.com\/es\/wp-json\/wp\/v2\/comments?post=2301"}],"version-history":[{"count":2,"href":"https:\/\/amicsdelcarme.com\/es\/wp-json\/wp\/v2\/pages\/2301\/revisions"}],"predecessor-version":[{"id":2303,"href":"https:\/\/amicsdelcarme.com\/es\/wp-json\/wp\/v2\/pages\/2301\/revisions\/2303"}],"wp:attachment":[{"href":"https:\/\/amicsdelcarme.com\/es\/wp-json\/wp\/v2\/media?parent=2301"}],"curies":[{"name":"wp","href":"https:\/\/api.w.org\/{rel}","templated":true}]}}